{"id":8,"date":"2025-07-22T10:45:12","date_gmt":"2025-07-22T10:45:12","guid":{"rendered":"https:\/\/bridge314.qodeinteractive.com\/?page_id=8"},"modified":"2026-01-30T17:57:36","modified_gmt":"2026-01-30T17:57:36","slug":"quienes-somos","status":"publish","type":"page","link":"https:\/\/vegaescuelaactiva.com\/index.php\/quienes-somos\/","title":{"rendered":"Proyecto educativo"},"content":{"rendered":"\t\t<div data-elementor-type=\"wp-page\" data-elementor-id=\"8\" class=\"elementor elementor-8\" data-elementor-post-type=\"page\">\n\t\t\t\t<div class=\"elementor-element elementor-element-0a888a7 e-flex e-con-boxed parallax_section_no qode_elementor_container_no e-con e-parent\" data-id=\"0a888a7\" data-element_type=\"container\">\n\t\t\t\t\t<div class=\"e-con-inner\">\n\t\t\t\t<div class=\"elementor-element elementor-element-eba79a7 elementor-widget elementor-widget-spacer\" data-id=\"eba79a7\" data-element_type=\"widget\" data-widget_type=\"spacer.default\">\n\t\t\t\t<div class=\"elementor-widget-container\">\n\t\t\t\t\t\t\t<div class=\"elementor-spacer\">\n\t\t\t<div class=\"elementor-spacer-inner\"><\/div>\n\t\t<\/div>\n\t\t\t\t\t\t<\/div>\n\t\t\t\t<\/div>\n\t\t\t\t<div class=\"elementor-element elementor-element-aae9a59 elementor-widget elementor-widget-text-editor\" data-id=\"aae9a59\" data-element_type=\"widget\" data-widget_type=\"text-editor.default\">\n\t\t\t\t<div class=\"elementor-widget-container\">\n\t\t\t\t\t\t\t\t\t<p><strong>Vega Escuela Activa<\/strong> nace del deseo de crear un entorno educativo donde cada ni\u00f1o y ni\u00f1a pueda crecer siendo quien es, desarrollando su curiosidad, su autonom\u00eda y su conexi\u00f3n con el mundo que le rodea. Somos una comunidad educativa peque\u00f1a, ubicada en plena naturaleza, que cree en el poder del aprendizaje significativo, vivencial y activo.<\/p><p data-start=\"569\" data-end=\"903\">Nuestro equipo est\u00e1 formado por personas comprometidas con la infancia, con una s\u00f3lida formaci\u00f3n pedag\u00f3gica y una sensibilidad especial hacia lo emocional, lo f\u00edsico y lo acad\u00e9mico. Apostamos por una ense\u00f1anza que parte del respeto profundo a los ritmos individuales y al protagonismo del alumnado en su propio proceso de aprendizaje.<\/p>\t\t\t\t\t\t\t\t<\/div>\n\t\t\t\t<\/div>\n\t\t\t\t\t<\/div>\n\t\t\t\t<\/div>\n\t\t<div class=\"elementor-element elementor-element-56547cb e-flex e-con-boxed parallax_section_no qode_elementor_container_no e-con e-parent\" data-id=\"56547cb\" data-element_type=\"container\">\n\t\t\t\t\t<div class=\"e-con-inner\">\n\t\t\t\t<div class=\"elementor-element elementor-element-bdfeedb elementor-widget elementor-widget-spacer\" data-id=\"bdfeedb\" data-element_type=\"widget\" data-widget_type=\"spacer.default\">\n\t\t\t\t<div class=\"elementor-widget-container\">\n\t\t\t\t\t\t\t<div class=\"elementor-spacer\">\n\t\t\t<div class=\"elementor-spacer-inner\"><\/div>\n\t\t<\/div>\n\t\t\t\t\t\t<\/div>\n\t\t\t\t<\/div>\n\t\t\t\t\t<\/div>\n\t\t\t\t<\/div>\n\t\t<div class=\"elementor-element elementor-element-e5b1359 e-grid elementor-hidden-tablet elementor-hidden-mobile e-con-boxed parallax_section_no qode_elementor_container_no e-con e-parent\" data-id=\"e5b1359\" data-element_type=\"container\">\n\t\t\t\t\t<div class=\"e-con-inner\">\n\t\t\t\t<div class=\"elementor-element elementor-element-8fa665f elementor-widget elementor-widget-image\" data-id=\"8fa665f\" data-element_type=\"widget\" data-widget_type=\"image.default\">\n\t\t\t\t<div class=\"elementor-widget-container\">\n\t\t\t\t\t\t\t\t\t\t\t\t\t\t\t<img fetchpriority=\"high\" decoding=\"async\" width=\"588\" height=\"589\" src=\"https:\/\/vegaescuelaactiva.com\/wp-content\/uploads\/2026\/01\/tnutu.jpg\" class=\"attachment-large size-large wp-image-670\" alt=\"\" srcset=\"https:\/\/vegaescuelaactiva.com\/wp-content\/uploads\/2026\/01\/tnutu.jpg 588w, https:\/\/vegaescuelaactiva.com\/wp-content\/uploads\/2026\/01\/tnutu-300x300.jpg 300w, https:\/\/vegaescuelaactiva.com\/wp-content\/uploads\/2026\/01\/tnutu-150x150.jpg 150w, https:\/\/vegaescuelaactiva.com\/wp-content\/uploads\/2026\/01\/tnutu-570x570.jpg 570w, https:\/\/vegaescuelaactiva.com\/wp-content\/uploads\/2026\/01\/tnutu-500x500.jpg 500w\" sizes=\"(max-width: 588px) 100vw, 588px\" \/>\t\t\t\t\t\t\t\t\t\t\t\t\t\t\t<\/div>\n\t\t\t\t<\/div>\n\t\t\t\t<div class=\"elementor-element elementor-element-4c8c948 elementor-widget elementor-widget-text-editor\" data-id=\"4c8c948\" data-element_type=\"widget\" data-widget_type=\"text-editor.default\">\n\t\t\t\t<div class=\"elementor-widget-container\">\n\t\t\t\t\t\t\t\t\t<h2 data-start=\"260\" data-end=\"305\">Pedagog\u00eda activa para aprender con sentido<\/h2><p data-start=\"307\" data-end=\"522\">Nuestro proyecto se fundamenta en una <strong data-start=\"829\" data-end=\"849\">pedagog\u00eda activa<\/strong>, que sit\u00faa el aprendizaje en la experiencia, la curiosidad y la participaci\u00f3n activa del alumno. Aprender no es memorizar contenidos, sino <strong data-start=\"989\" data-end=\"1044\">comprender, experimentar, reflexionar y dar sentido<\/strong> a lo que se aprende.<\/p><p data-start=\"524\" data-end=\"722\">En Vega entendemos el aprendizaje como un proceso vivo, significativo y personal, en el que cada alumno es protagonista de su propio camino, respetando su ritmo, sus intereses y su manera \u00fanica de aprender.<\/p><blockquote data-start=\"724\" data-end=\"848\"><p data-start=\"726\" data-end=\"848\"><span style=\"color: #339966;\"><em data-start=\"261\" data-end=\"326\">\u201cAprender no es recibir informaci\u00f3n, es construir significado.\u201d<\/em><\/span><br data-start=\"326\" data-end=\"329\" \/><span style=\"color: #339966;\"><strong data-start=\"331\" data-end=\"348\">Jerome Bruner<\/strong><\/span><\/p><\/blockquote><p data-start=\"3961\" data-end=\"4068\">\u00a0<\/p>\t\t\t\t\t\t\t\t<\/div>\n\t\t\t\t<\/div>\n\t\t\t\t\t<\/div>\n\t\t\t\t<\/div>\n\t\t<div class=\"elementor-element elementor-element-56bcd93 e-grid elementor-hidden-desktop e-con-boxed parallax_section_no qode_elementor_container_no e-con e-parent\" data-id=\"56bcd93\" data-element_type=\"container\">\n\t\t\t\t\t<div class=\"e-con-inner\">\n\t\t\t\t<div class=\"elementor-element elementor-element-269363b elementor-widget elementor-widget-text-editor\" data-id=\"269363b\" data-element_type=\"widget\" data-widget_type=\"text-editor.default\">\n\t\t\t\t<div class=\"elementor-widget-container\">\n\t\t\t\t\t\t\t\t\t<h2 data-start=\"260\" data-end=\"305\">Pedagog\u00eda activa para aprender con sentido<\/h2><p data-start=\"307\" data-end=\"522\">Nuestro proyecto se fundamenta en una <strong data-start=\"829\" data-end=\"849\">pedagog\u00eda activa<\/strong>, que sit\u00faa el aprendizaje en la experiencia, la curiosidad y la participaci\u00f3n activa del alumno. Aprender no es memorizar contenidos, sino <strong data-start=\"989\" data-end=\"1044\">comprender, experimentar, reflexionar y dar sentido<\/strong> a lo que se aprende.<\/p><p data-start=\"524\" data-end=\"722\">En Vega entendemos el aprendizaje como un proceso vivo, significativo y personal, en el que cada alumno es protagonista de su propio camino, respetando su ritmo, sus intereses y su manera \u00fanica de aprender.<\/p><blockquote data-start=\"724\" data-end=\"848\"><p data-start=\"726\" data-end=\"848\"><span style=\"color: #339966;\"><em data-start=\"261\" data-end=\"326\">\u201cAprender no es recibir informaci\u00f3n, es construir significado.\u201d<\/em><\/span><br data-start=\"326\" data-end=\"329\" \/><span style=\"color: #339966;\"><strong data-start=\"331\" data-end=\"348\">Jerome Bruner<\/strong><\/span><\/p><\/blockquote><p data-start=\"3961\" data-end=\"4068\">\u00a0<\/p>\t\t\t\t\t\t\t\t<\/div>\n\t\t\t\t<\/div>\n\t\t\t\t<div class=\"elementor-element elementor-element-ae937bf elementor-hidden-desktop elementor-hidden-tablet elementor-widget elementor-widget-image\" data-id=\"ae937bf\" data-element_type=\"widget\" data-widget_type=\"image.default\">\n\t\t\t\t<div class=\"elementor-widget-container\">\n\t\t\t\t\t\t\t\t\t\t\t\t\t\t\t<img fetchpriority=\"high\" decoding=\"async\" width=\"588\" height=\"589\" src=\"https:\/\/vegaescuelaactiva.com\/wp-content\/uploads\/2026\/01\/tnutu.jpg\" class=\"attachment-large size-large wp-image-670\" alt=\"\" srcset=\"https:\/\/vegaescuelaactiva.com\/wp-content\/uploads\/2026\/01\/tnutu.jpg 588w, https:\/\/vegaescuelaactiva.com\/wp-content\/uploads\/2026\/01\/tnutu-300x300.jpg 300w, https:\/\/vegaescuelaactiva.com\/wp-content\/uploads\/2026\/01\/tnutu-150x150.jpg 150w, https:\/\/vegaescuelaactiva.com\/wp-content\/uploads\/2026\/01\/tnutu-570x570.jpg 570w, https:\/\/vegaescuelaactiva.com\/wp-content\/uploads\/2026\/01\/tnutu-500x500.jpg 500w\" sizes=\"(max-width: 588px) 100vw, 588px\" \/>\t\t\t\t\t\t\t\t\t\t\t\t\t\t\t<\/div>\n\t\t\t\t<\/div>\n\t\t\t\t\t<\/div>\n\t\t\t\t<\/div>\n\t\t<div class=\"elementor-element elementor-element-11f8ced e-grid elementor-hidden-tablet elementor-hidden-mobile e-con-boxed parallax_section_no qode_elementor_container_no e-con e-parent\" data-id=\"11f8ced\" data-element_type=\"container\">\n\t\t\t\t\t<div class=\"e-con-inner\">\n\t\t\t\t<div class=\"elementor-element elementor-element-e46db2b elementor-widget elementor-widget-text-editor\" data-id=\"e46db2b\" data-element_type=\"widget\" data-widget_type=\"text-editor.default\">\n\t\t\t\t<div class=\"elementor-widget-container\">\n\t\t\t\t\t\t\t\t\t<h2 data-start=\"855\" data-end=\"880\">Metodolog\u00edas activas<\/h2><h3 data-start=\"881\" data-end=\"931\"><span style=\"color: #339966;\">Aprender desde la experiencia y el pensamiento<\/span><\/h3><p data-start=\"933\" data-end=\"1112\">Nuestro proyecto educativo se apoya en <strong data-start=\"972\" data-end=\"996\">metodolog\u00edas activas<\/strong> que favorecen la participaci\u00f3n, la reflexi\u00f3n y la construcci\u00f3n del conocimiento. En el aula trabajamos a trav\u00e9s de:<\/p><ul><li data-start=\"1116\" data-end=\"1149\">Aprendizaje basado en proyectos<\/li><li data-start=\"1116\" data-end=\"1149\">Trabajo cooperativo<\/li><li data-start=\"1116\" data-end=\"1149\">Investigaci\u00f3n y experimentaci\u00f3n<\/li><li data-start=\"1116\" data-end=\"1149\">Pensamiento cr\u00edtico y reflexi\u00f3n<\/li><li data-start=\"1116\" data-end=\"1149\">Evaluaci\u00f3n continua y formativa<\/li><\/ul><p data-start=\"1283\" data-end=\"1425\">Estas metodolog\u00edas permiten que el aprendizaje tenga sentido, se conecte con la realidad y fomente la autonom\u00eda y la implicaci\u00f3n del alumnado.<\/p><blockquote data-start=\"1427\" data-end=\"1556\"><p data-start=\"1429\" data-end=\"1556\"><span style=\"color: #339966;\"><em data-start=\"1429\" data-end=\"1535\">\u201cEnse\u00f1ar no es transferir conocimiento, sino crear las posibilidades para su producci\u00f3n o construcci\u00f3n.\u201d<\/em><\/span><br data-start=\"1535\" data-end=\"1538\" \/><span style=\"color: #339966;\"><strong data-start=\"1540\" data-end=\"1556\">Paulo Freire<\/strong><\/span><\/p><\/blockquote><p data-start=\"3961\" data-end=\"4068\">\u00a0<\/p>\t\t\t\t\t\t\t\t<\/div>\n\t\t\t\t<\/div>\n\t\t\t\t<div class=\"elementor-element elementor-element-70ee380 elementor-widget elementor-widget-image\" data-id=\"70ee380\" data-element_type=\"widget\" data-widget_type=\"image.default\">\n\t\t\t\t<div class=\"elementor-widget-container\">\n\t\t\t\t\t\t\t\t\t\t\t\t\t\t\t<img decoding=\"async\" width=\"582\" height=\"582\" src=\"https:\/\/vegaescuelaactiva.com\/wp-content\/uploads\/2026\/01\/ghsfhsf.jpg\" class=\"attachment-large size-large wp-image-671\" alt=\"\" srcset=\"https:\/\/vegaescuelaactiva.com\/wp-content\/uploads\/2026\/01\/ghsfhsf.jpg 582w, https:\/\/vegaescuelaactiva.com\/wp-content\/uploads\/2026\/01\/ghsfhsf-300x300.jpg 300w, https:\/\/vegaescuelaactiva.com\/wp-content\/uploads\/2026\/01\/ghsfhsf-150x150.jpg 150w, https:\/\/vegaescuelaactiva.com\/wp-content\/uploads\/2026\/01\/ghsfhsf-570x570.jpg 570w, https:\/\/vegaescuelaactiva.com\/wp-content\/uploads\/2026\/01\/ghsfhsf-500x500.jpg 500w\" sizes=\"(max-width: 582px) 100vw, 582px\" \/>\t\t\t\t\t\t\t\t\t\t\t\t\t\t\t<\/div>\n\t\t\t\t<\/div>\n\t\t\t\t\t<\/div>\n\t\t\t\t<\/div>\n\t\t<div class=\"elementor-element elementor-element-5e39b60 e-grid elementor-hidden-desktop e-con-boxed parallax_section_no qode_elementor_container_no e-con e-parent\" data-id=\"5e39b60\" data-element_type=\"container\">\n\t\t\t\t\t<div class=\"e-con-inner\">\n\t\t\t\t<div class=\"elementor-element elementor-element-12db7f2 elementor-widget elementor-widget-text-editor\" data-id=\"12db7f2\" data-element_type=\"widget\" data-widget_type=\"text-editor.default\">\n\t\t\t\t<div class=\"elementor-widget-container\">\n\t\t\t\t\t\t\t\t\t<h2 data-start=\"855\" data-end=\"880\">Metodolog\u00edas activas<\/h2><h3 data-start=\"881\" data-end=\"931\"><span style=\"color: #339966;\">Aprender desde la experiencia y el pensamiento<\/span><\/h3><p data-start=\"933\" data-end=\"1112\">Nuestro proyecto educativo se apoya en <strong data-start=\"972\" data-end=\"996\">metodolog\u00edas activas<\/strong> que favorecen la participaci\u00f3n, la reflexi\u00f3n y la construcci\u00f3n del conocimiento. En el aula trabajamos a trav\u00e9s de:<\/p><ul><li data-start=\"1116\" data-end=\"1149\">Aprendizaje basado en proyectos<\/li><li data-start=\"1116\" data-end=\"1149\">Trabajo cooperativo<\/li><li data-start=\"1116\" data-end=\"1149\">Investigaci\u00f3n y experimentaci\u00f3n<\/li><li data-start=\"1116\" data-end=\"1149\">Pensamiento cr\u00edtico y reflexi\u00f3n<\/li><li data-start=\"1116\" data-end=\"1149\">Evaluaci\u00f3n continua y formativa<\/li><\/ul><p data-start=\"1283\" data-end=\"1425\">Estas metodolog\u00edas permiten que el aprendizaje tenga sentido, se conecte con la realidad y fomente la autonom\u00eda y la implicaci\u00f3n del alumnado.<\/p><blockquote data-start=\"1427\" data-end=\"1556\"><p data-start=\"1429\" data-end=\"1556\"><span style=\"color: #339966;\"><em data-start=\"1429\" data-end=\"1535\">\u201cEnse\u00f1ar no es transferir conocimiento, sino crear las posibilidades para su producci\u00f3n o construcci\u00f3n.\u201d<\/em><\/span><br data-start=\"1535\" data-end=\"1538\" \/><span style=\"color: #339966;\"><strong data-start=\"1540\" data-end=\"1556\">Paulo Freire<\/strong><\/span><\/p><\/blockquote><p data-start=\"3961\" data-end=\"4068\">\u00a0<\/p>\t\t\t\t\t\t\t\t<\/div>\n\t\t\t\t<\/div>\n\t\t\t\t<div class=\"elementor-element elementor-element-8949778 elementor-widget elementor-widget-image\" data-id=\"8949778\" data-element_type=\"widget\" data-widget_type=\"image.default\">\n\t\t\t\t<div class=\"elementor-widget-container\">\n\t\t\t\t\t\t\t\t\t\t\t\t\t\t\t<img decoding=\"async\" width=\"582\" height=\"582\" src=\"https:\/\/vegaescuelaactiva.com\/wp-content\/uploads\/2026\/01\/ghsfhsf.jpg\" class=\"attachment-large size-large wp-image-671\" alt=\"\" srcset=\"https:\/\/vegaescuelaactiva.com\/wp-content\/uploads\/2026\/01\/ghsfhsf.jpg 582w, https:\/\/vegaescuelaactiva.com\/wp-content\/uploads\/2026\/01\/ghsfhsf-300x300.jpg 300w, https:\/\/vegaescuelaactiva.com\/wp-content\/uploads\/2026\/01\/ghsfhsf-150x150.jpg 150w, https:\/\/vegaescuelaactiva.com\/wp-content\/uploads\/2026\/01\/ghsfhsf-570x570.jpg 570w, https:\/\/vegaescuelaactiva.com\/wp-content\/uploads\/2026\/01\/ghsfhsf-500x500.jpg 500w\" sizes=\"(max-width: 582px) 100vw, 582px\" \/>\t\t\t\t\t\t\t\t\t\t\t\t\t\t\t<\/div>\n\t\t\t\t<\/div>\n\t\t\t\t\t<\/div>\n\t\t\t\t<\/div>\n\t\t<div class=\"elementor-element elementor-element-f125a79 e-grid elementor-hidden-tablet elementor-hidden-mobile e-con-boxed parallax_section_no qode_elementor_container_no e-con e-parent\" data-id=\"f125a79\" data-element_type=\"container\">\n\t\t\t\t\t<div class=\"e-con-inner\">\n\t\t\t\t<div class=\"elementor-element elementor-element-90f5c43 elementor-widget elementor-widget-image\" data-id=\"90f5c43\" data-element_type=\"widget\" data-widget_type=\"image.default\">\n\t\t\t\t<div class=\"elementor-widget-container\">\n\t\t\t\t\t\t\t\t\t\t\t\t\t\t\t<img decoding=\"async\" width=\"578\" height=\"575\" src=\"https:\/\/vegaescuelaactiva.com\/wp-content\/uploads\/2026\/01\/dfhfh.jpg\" class=\"attachment-large size-large wp-image-672\" alt=\"\" srcset=\"https:\/\/vegaescuelaactiva.com\/wp-content\/uploads\/2026\/01\/dfhfh.jpg 578w, https:\/\/vegaescuelaactiva.com\/wp-content\/uploads\/2026\/01\/dfhfh-300x298.jpg 300w, https:\/\/vegaescuelaactiva.com\/wp-content\/uploads\/2026\/01\/dfhfh-150x150.jpg 150w\" sizes=\"(max-width: 578px) 100vw, 578px\" \/>\t\t\t\t\t\t\t\t\t\t\t\t\t\t\t<\/div>\n\t\t\t\t<\/div>\n\t\t\t\t<div class=\"elementor-element elementor-element-47d1cab elementor-widget elementor-widget-text-editor\" data-id=\"47d1cab\" data-element_type=\"widget\" data-widget_type=\"text-editor.default\">\n\t\t\t\t<div class=\"elementor-widget-container\">\n\t\t\t\t\t\t\t\t\t<h2 data-start=\"1563\" data-end=\"1598\">Desarrollo integral del alumno<\/h2><h3 data-start=\"1599\" data-end=\"1624\"><span style=\"color: #339966;\">Crecer con equilibrio<\/span><\/h3><p data-start=\"1626\" data-end=\"1749\">Acompa\u00f1amos el desarrollo integral de cada alumno, atendiendo de forma equilibrada las distintas dimensiones de la persona:<\/p><ul><li data-start=\"1753\" data-end=\"1784\">Desarrollo acad\u00e9mico riguroso<\/li><li data-start=\"1753\" data-end=\"1784\">Educaci\u00f3n emocional<\/li><li data-start=\"1753\" data-end=\"1784\">Habilidades sociales<\/li><li data-start=\"1753\" data-end=\"1784\">Autoconocimiento y autoestima<\/li><li data-start=\"1753\" data-end=\"1784\">Responsabilidad y autonom\u00eda<\/li><\/ul><p data-start=\"1901\" data-end=\"2009\">Creemos en una educaci\u00f3n que integra saber, sentir y actuar como base de un aprendizaje profundo y duradero.<\/p><blockquote data-start=\"2011\" data-end=\"2072\"><p data-start=\"2013\" data-end=\"2072\"><span style=\"color: #339966;\"><em data-start=\"827\" data-end=\"882\">\u201cLa educaci\u00f3n es un proceso de crecimiento personal.\u201d<\/em><\/span><br data-start=\"882\" data-end=\"885\" \/><span style=\"color: #339966;\"><strong data-start=\"887\" data-end=\"902\">Mar\u00eda Acaso<\/strong><\/span><\/p><\/blockquote><p data-start=\"3961\" data-end=\"4068\">\u00a0<\/p>\t\t\t\t\t\t\t\t<\/div>\n\t\t\t\t<\/div>\n\t\t\t\t\t<\/div>\n\t\t\t\t<\/div>\n\t\t<div class=\"elementor-element elementor-element-0a61dfd e-grid elementor-hidden-desktop e-con-boxed parallax_section_no qode_elementor_container_no e-con e-parent\" data-id=\"0a61dfd\" data-element_type=\"container\">\n\t\t\t\t\t<div class=\"e-con-inner\">\n\t\t\t\t<div class=\"elementor-element elementor-element-72f259d elementor-widget elementor-widget-text-editor\" data-id=\"72f259d\" data-element_type=\"widget\" data-widget_type=\"text-editor.default\">\n\t\t\t\t<div class=\"elementor-widget-container\">\n\t\t\t\t\t\t\t\t\t<h2 data-start=\"1563\" data-end=\"1598\">Desarrollo integral del alumno<\/h2><h3 data-start=\"1599\" data-end=\"1624\"><span style=\"color: #339966;\">Crecer con equilibrio<\/span><\/h3><p data-start=\"1626\" data-end=\"1749\">Acompa\u00f1amos el desarrollo integral de cada alumno, atendiendo de forma equilibrada las distintas dimensiones de la persona:<\/p><ul><li data-start=\"1753\" data-end=\"1784\">Desarrollo acad\u00e9mico riguroso<\/li><li data-start=\"1753\" data-end=\"1784\">Educaci\u00f3n emocional<\/li><li data-start=\"1753\" data-end=\"1784\">Habilidades sociales<\/li><li data-start=\"1753\" data-end=\"1784\">Autoconocimiento y autoestima<\/li><li data-start=\"1753\" data-end=\"1784\">Responsabilidad y autonom\u00eda<\/li><\/ul><p data-start=\"1901\" data-end=\"2009\">Creemos en una educaci\u00f3n que integra saber, sentir y actuar como base de un aprendizaje profundo y duradero.<\/p><blockquote data-start=\"2011\" data-end=\"2072\"><p data-start=\"2013\" data-end=\"2072\"><span style=\"color: #339966;\"><em data-start=\"827\" data-end=\"882\">\u201cLa educaci\u00f3n es un proceso de crecimiento personal.\u201d<\/em><\/span><br data-start=\"882\" data-end=\"885\" \/><span style=\"color: #339966;\"><strong data-start=\"887\" data-end=\"902\">Mar\u00eda Acaso<\/strong><\/span><\/p><\/blockquote><p data-start=\"3961\" data-end=\"4068\">\u00a0<\/p>\t\t\t\t\t\t\t\t<\/div>\n\t\t\t\t<\/div>\n\t\t\t\t<div class=\"elementor-element elementor-element-941456f elementor-widget elementor-widget-image\" data-id=\"941456f\" data-element_type=\"widget\" data-widget_type=\"image.default\">\n\t\t\t\t<div class=\"elementor-widget-container\">\n\t\t\t\t\t\t\t\t\t\t\t\t\t\t\t<img decoding=\"async\" width=\"578\" height=\"575\" src=\"https:\/\/vegaescuelaactiva.com\/wp-content\/uploads\/2026\/01\/dfhfh.jpg\" class=\"attachment-large size-large wp-image-672\" alt=\"\" srcset=\"https:\/\/vegaescuelaactiva.com\/wp-content\/uploads\/2026\/01\/dfhfh.jpg 578w, https:\/\/vegaescuelaactiva.com\/wp-content\/uploads\/2026\/01\/dfhfh-300x298.jpg 300w, https:\/\/vegaescuelaactiva.com\/wp-content\/uploads\/2026\/01\/dfhfh-150x150.jpg 150w\" sizes=\"(max-width: 578px) 100vw, 578px\" \/>\t\t\t\t\t\t\t\t\t\t\t\t\t\t\t<\/div>\n\t\t\t\t<\/div>\n\t\t\t\t\t<\/div>\n\t\t\t\t<\/div>\n\t\t<div class=\"elementor-element elementor-element-895b1c8 e-grid elementor-hidden-desktop e-con-full parallax_section_no qode_elementor_container_no e-con e-parent\" data-id=\"895b1c8\" data-element_type=\"container\">\n\t\t\t\t<div class=\"elementor-element elementor-element-c82b19b elementor-widget elementor-widget-text-editor\" data-id=\"c82b19b\" data-element_type=\"widget\" data-widget_type=\"text-editor.default\">\n\t\t\t\t<div class=\"elementor-widget-container\">\n\t\t\t\t\t\t\t\t\t<h2 data-start=\"2079\" data-end=\"2121\">Acompa\u00f1amiento y respeto a los ritmos<\/h2><h3 data-start=\"2122\" data-end=\"2155\"><span style=\"color: #339966;\">Cada alumno, un proceso \u00fanico<\/span><\/h3><p data-start=\"2157\" data-end=\"2266\">Cada ni\u00f1o y joven aprende de forma diferente. Por ello, el acompa\u00f1amiento es cercano y consciente, basado en:<\/p><ul><li data-start=\"2270\" data-end=\"2299\">Observaci\u00f3n individualizada<\/li><li data-start=\"2270\" data-end=\"2299\">Escucha activa<\/li><li data-start=\"2270\" data-end=\"2299\">Adaptaci\u00f3n del proceso de aprendizaje<\/li><li data-start=\"2270\" data-end=\"2299\">Confianza en las capacidades de cada alumno<\/li><\/ul><p data-start=\"2410\" data-end=\"2553\">Acompa\u00f1ar significa ofrecer presencia, tiempo y confianza para que cada alumno pueda avanzar desde lo que es y hacia lo que puede llegar a ser.<\/p><blockquote data-start=\"2555\" data-end=\"2638\"><p data-start=\"2557\" data-end=\"2638\"><span style=\"color: #339966;\"><em data-start=\"2557\" data-end=\"2618\">\u201cEl respeto al ritmo del ni\u00f1o es el primer acto educativo.\u201d<\/em><\/span><br data-start=\"2618\" data-end=\"2621\" \/><span style=\"color: #339966;\"><strong data-start=\"2623\" data-end=\"2638\">Emmi Pikler<\/strong><\/span><\/p><\/blockquote><p data-start=\"3961\" data-end=\"4068\">\u00a0<\/p>\t\t\t\t\t\t\t\t<\/div>\n\t\t\t\t<\/div>\n\t\t\t\t<div class=\"elementor-element elementor-element-6f166d0 elementor-widget elementor-widget-image\" data-id=\"6f166d0\" data-element_type=\"widget\" data-widget_type=\"image.default\">\n\t\t\t\t<div class=\"elementor-widget-container\">\n\t\t\t\t\t\t\t\t\t\t\t\t\t\t\t<img loading=\"lazy\" decoding=\"async\" width=\"1024\" height=\"945\" src=\"https:\/\/vegaescuelaactiva.com\/wp-content\/uploads\/2026\/01\/IMG_20260129_124019-scaled-e1769687124446-1024x945.jpg\" class=\"attachment-large size-large wp-image-891\" alt=\"\" srcset=\"https:\/\/vegaescuelaactiva.com\/wp-content\/uploads\/2026\/01\/IMG_20260129_124019-scaled-e1769687124446-1024x945.jpg 1024w, https:\/\/vegaescuelaactiva.com\/wp-content\/uploads\/2026\/01\/IMG_20260129_124019-scaled-e1769687124446-300x277.jpg 300w, https:\/\/vegaescuelaactiva.com\/wp-content\/uploads\/2026\/01\/IMG_20260129_124019-scaled-e1769687124446-768x708.jpg 768w, https:\/\/vegaescuelaactiva.com\/wp-content\/uploads\/2026\/01\/IMG_20260129_124019-scaled-e1769687124446-1536x1417.jpg 1536w, https:\/\/vegaescuelaactiva.com\/wp-content\/uploads\/2026\/01\/IMG_20260129_124019-scaled-e1769687124446-700x646.jpg 700w, https:\/\/vegaescuelaactiva.com\/wp-content\/uploads\/2026\/01\/IMG_20260129_124019-scaled-e1769687124446.jpg 1818w\" sizes=\"(max-width: 1024px) 100vw, 1024px\" \/>\t\t\t\t\t\t\t\t\t\t\t\t\t\t\t<\/div>\n\t\t\t\t<\/div>\n\t\t\t\t<\/div>\n\t\t<div class=\"elementor-element elementor-element-3a9ec57 e-grid elementor-hidden-tablet elementor-hidden-mobile e-con-boxed parallax_section_no qode_elementor_container_no e-con e-parent\" data-id=\"3a9ec57\" data-element_type=\"container\">\n\t\t\t\t\t<div class=\"e-con-inner\">\n\t\t\t\t<div class=\"elementor-element elementor-element-e83c484 elementor-widget elementor-widget-text-editor\" data-id=\"e83c484\" data-element_type=\"widget\" data-widget_type=\"text-editor.default\">\n\t\t\t\t<div class=\"elementor-widget-container\">\n\t\t\t\t\t\t\t\t\t<h2 data-start=\"2079\" data-end=\"2121\">Acompa\u00f1amiento y respeto a los ritmos<\/h2><h3 data-start=\"2122\" data-end=\"2155\"><span style=\"color: #339966;\">Cada alumno, un proceso \u00fanico<\/span><\/h3><p data-start=\"2157\" data-end=\"2266\">Cada ni\u00f1o y joven aprende de forma diferente. Por ello, el acompa\u00f1amiento es cercano y consciente, basado en:<\/p><ul><li data-start=\"2270\" data-end=\"2299\">Observaci\u00f3n individualizada<\/li><li data-start=\"2270\" data-end=\"2299\">Escucha activa<\/li><li data-start=\"2270\" data-end=\"2299\">Adaptaci\u00f3n del proceso de aprendizaje<\/li><li data-start=\"2270\" data-end=\"2299\">Confianza en las capacidades de cada alumno<\/li><\/ul><p data-start=\"2410\" data-end=\"2553\">Acompa\u00f1ar significa ofrecer presencia, tiempo y confianza para que cada alumno pueda avanzar desde lo que es y hacia lo que puede llegar a ser.<\/p><blockquote data-start=\"2555\" data-end=\"2638\"><p data-start=\"2557\" data-end=\"2638\"><span style=\"color: #339966;\"><em data-start=\"2557\" data-end=\"2618\">\u201cEl respeto al ritmo del ni\u00f1o es el primer acto educativo.\u201d<\/em><\/span><br data-start=\"2618\" data-end=\"2621\" \/><span style=\"color: #339966;\"><strong data-start=\"2623\" data-end=\"2638\">Emmi Pikler<\/strong><\/span><\/p><\/blockquote><p data-start=\"3961\" data-end=\"4068\">\u00a0<\/p>\t\t\t\t\t\t\t\t<\/div>\n\t\t\t\t<\/div>\n\t\t\t\t<div class=\"elementor-element elementor-element-6c474f7 elementor-widget elementor-widget-image\" data-id=\"6c474f7\" data-element_type=\"widget\" data-widget_type=\"image.default\">\n\t\t\t\t<div class=\"elementor-widget-container\">\n\t\t\t\t\t\t\t\t\t\t\t\t\t\t\t<img loading=\"lazy\" decoding=\"async\" width=\"1024\" height=\"945\" src=\"https:\/\/vegaescuelaactiva.com\/wp-content\/uploads\/2026\/01\/IMG_20260129_124019-scaled-e1769687124446-1024x945.jpg\" class=\"attachment-large size-large wp-image-891\" alt=\"\" srcset=\"https:\/\/vegaescuelaactiva.com\/wp-content\/uploads\/2026\/01\/IMG_20260129_124019-scaled-e1769687124446-1024x945.jpg 1024w, https:\/\/vegaescuelaactiva.com\/wp-content\/uploads\/2026\/01\/IMG_20260129_124019-scaled-e1769687124446-300x277.jpg 300w, https:\/\/vegaescuelaactiva.com\/wp-content\/uploads\/2026\/01\/IMG_20260129_124019-scaled-e1769687124446-768x708.jpg 768w, https:\/\/vegaescuelaactiva.com\/wp-content\/uploads\/2026\/01\/IMG_20260129_124019-scaled-e1769687124446-1536x1417.jpg 1536w, https:\/\/vegaescuelaactiva.com\/wp-content\/uploads\/2026\/01\/IMG_20260129_124019-scaled-e1769687124446-700x646.jpg 700w, https:\/\/vegaescuelaactiva.com\/wp-content\/uploads\/2026\/01\/IMG_20260129_124019-scaled-e1769687124446.jpg 1818w\" sizes=\"(max-width: 1024px) 100vw, 1024px\" \/>\t\t\t\t\t\t\t\t\t\t\t\t\t\t\t<\/div>\n\t\t\t\t<\/div>\n\t\t\t\t\t<\/div>\n\t\t\t\t<\/div>\n\t\t<div class=\"elementor-element elementor-element-6ead008 e-grid elementor-hidden-tablet elementor-hidden-mobile e-con-boxed parallax_section_no qode_elementor_container_no e-con e-parent\" data-id=\"6ead008\" data-element_type=\"container\">\n\t\t\t\t\t<div class=\"e-con-inner\">\n\t\t\t\t<div class=\"elementor-element elementor-element-bc1adb3 elementor-widget elementor-widget-image\" data-id=\"bc1adb3\" data-element_type=\"widget\" data-widget_type=\"image.default\">\n\t\t\t\t<div class=\"elementor-widget-container\">\n\t\t\t\t\t\t\t\t\t\t\t\t\t\t\t<img loading=\"lazy\" decoding=\"async\" width=\"1024\" height=\"771\" src=\"https:\/\/vegaescuelaactiva.com\/wp-content\/uploads\/2026\/01\/IMG_20260129_123645-1024x771.jpg\" class=\"attachment-large size-large wp-image-887\" alt=\"\" srcset=\"https:\/\/vegaescuelaactiva.com\/wp-content\/uploads\/2026\/01\/IMG_20260129_123645-1024x771.jpg 1024w, https:\/\/vegaescuelaactiva.com\/wp-content\/uploads\/2026\/01\/IMG_20260129_123645-300x226.jpg 300w, https:\/\/vegaescuelaactiva.com\/wp-content\/uploads\/2026\/01\/IMG_20260129_123645-768x578.jpg 768w, https:\/\/vegaescuelaactiva.com\/wp-content\/uploads\/2026\/01\/IMG_20260129_123645-1536x1157.jpg 1536w, https:\/\/vegaescuelaactiva.com\/wp-content\/uploads\/2026\/01\/IMG_20260129_123645-2048x1542.jpg 2048w, https:\/\/vegaescuelaactiva.com\/wp-content\/uploads\/2026\/01\/IMG_20260129_123645-700x527.jpg 700w\" sizes=\"(max-width: 1024px) 100vw, 1024px\" \/>\t\t\t\t\t\t\t\t\t\t\t\t\t\t\t<\/div>\n\t\t\t\t<\/div>\n\t\t\t\t<div class=\"elementor-element elementor-element-4b3f283 elementor-widget elementor-widget-text-editor\" data-id=\"4b3f283\" data-element_type=\"widget\" data-widget_type=\"text-editor.default\">\n\t\t\t\t<div class=\"elementor-widget-container\">\n\t\t\t\t\t\t\t\t\t<h2 data-start=\"2645\" data-end=\"2672\">El valor de la palabra<\/h2><h3 data-start=\"2673\" data-end=\"2702\"><span style=\"color: #339966;\">Convivir desde el di\u00e1logo<\/span><\/h3><p data-start=\"2704\" data-end=\"2823\">La palabra es el eje de nuestra convivencia y una herramienta esencial de aprendizaje. A trav\u00e9s del di\u00e1logo promovemos:<\/p><ul><li data-start=\"2827\" data-end=\"2850\">La escucha respetuosa<\/li><li data-start=\"2827\" data-end=\"2850\">La expresi\u00f3n de emociones y opiniones<\/li><li data-start=\"2827\" data-end=\"2850\">La resoluci\u00f3n pac\u00edfica de conflictos<\/li><li data-start=\"2827\" data-end=\"2850\">La construcci\u00f3n de acuerdos<\/li><\/ul><p data-start=\"2967\" data-end=\"3090\">A trav\u00e9s de la palabra se construyen acuerdos, se reparan conflictos y se aprende a convivir desde el respeto y la escucha.<\/p><blockquote data-start=\"3092\" data-end=\"3177\"><p data-start=\"3094\" data-end=\"3177\"><span style=\"color: #339966;\"><em data-start=\"3094\" data-end=\"3151\">\u201cHablar y escuchar son actos profundamente educativos.\u201d<\/em><\/span><br data-start=\"3151\" data-end=\"3154\" \/><span style=\"color: #339966;\"><strong data-start=\"3156\" data-end=\"3177\">Humberto Maturana<\/strong><\/span><\/p><\/blockquote><p data-start=\"3961\" data-end=\"4068\">\u00a0<\/p>\t\t\t\t\t\t\t\t<\/div>\n\t\t\t\t<\/div>\n\t\t\t\t\t<\/div>\n\t\t\t\t<\/div>\n\t\t<div class=\"elementor-element elementor-element-2492364 e-grid elementor-hidden-desktop e-con-boxed parallax_section_no qode_elementor_container_no e-con e-parent\" data-id=\"2492364\" data-element_type=\"container\">\n\t\t\t\t\t<div class=\"e-con-inner\">\n\t\t\t\t<div class=\"elementor-element elementor-element-e192d8b elementor-widget elementor-widget-text-editor\" data-id=\"e192d8b\" data-element_type=\"widget\" data-widget_type=\"text-editor.default\">\n\t\t\t\t<div class=\"elementor-widget-container\">\n\t\t\t\t\t\t\t\t\t<h2 data-start=\"2645\" data-end=\"2672\">El valor de la palabra<\/h2><h3 data-start=\"2673\" data-end=\"2702\"><span style=\"color: #339966;\">Convivir desde el di\u00e1logo<\/span><\/h3><p data-start=\"2704\" data-end=\"2823\">La palabra es el eje de nuestra convivencia y una herramienta esencial de aprendizaje. A trav\u00e9s del di\u00e1logo promovemos:<\/p><ul><li data-start=\"2827\" data-end=\"2850\">La escucha respetuosa<\/li><li data-start=\"2827\" data-end=\"2850\">La expresi\u00f3n de emociones y opiniones<\/li><li data-start=\"2827\" data-end=\"2850\">La resoluci\u00f3n pac\u00edfica de conflictos<\/li><li data-start=\"2827\" data-end=\"2850\">La construcci\u00f3n de acuerdos<\/li><\/ul><p data-start=\"2967\" data-end=\"3090\">A trav\u00e9s de la palabra se construyen acuerdos, se reparan conflictos y se aprende a convivir desde el respeto y la escucha.<\/p><blockquote data-start=\"3092\" data-end=\"3177\"><p data-start=\"3094\" data-end=\"3177\"><span style=\"color: #339966;\"><em data-start=\"3094\" data-end=\"3151\">\u201cHablar y escuchar son actos profundamente educativos.\u201d<\/em><\/span><br data-start=\"3151\" data-end=\"3154\" \/><span style=\"color: #339966;\"><strong data-start=\"3156\" data-end=\"3177\">Humberto Maturana<\/strong><\/span><\/p><\/blockquote><p data-start=\"3961\" data-end=\"4068\">\u00a0<\/p>\t\t\t\t\t\t\t\t<\/div>\n\t\t\t\t<\/div>\n\t\t\t\t<div class=\"elementor-element elementor-element-98370ec elementor-hidden-desktop elementor-widget elementor-widget-image\" data-id=\"98370ec\" data-element_type=\"widget\" data-widget_type=\"image.default\">\n\t\t\t\t<div class=\"elementor-widget-container\">\n\t\t\t\t\t\t\t\t\t\t\t\t\t\t\t<img loading=\"lazy\" decoding=\"async\" width=\"1024\" height=\"771\" src=\"https:\/\/vegaescuelaactiva.com\/wp-content\/uploads\/2026\/01\/IMG_20260129_123645-1024x771.jpg\" class=\"attachment-large size-large wp-image-887\" alt=\"\" srcset=\"https:\/\/vegaescuelaactiva.com\/wp-content\/uploads\/2026\/01\/IMG_20260129_123645-1024x771.jpg 1024w, https:\/\/vegaescuelaactiva.com\/wp-content\/uploads\/2026\/01\/IMG_20260129_123645-300x226.jpg 300w, https:\/\/vegaescuelaactiva.com\/wp-content\/uploads\/2026\/01\/IMG_20260129_123645-768x578.jpg 768w, https:\/\/vegaescuelaactiva.com\/wp-content\/uploads\/2026\/01\/IMG_20260129_123645-1536x1157.jpg 1536w, https:\/\/vegaescuelaactiva.com\/wp-content\/uploads\/2026\/01\/IMG_20260129_123645-2048x1542.jpg 2048w, https:\/\/vegaescuelaactiva.com\/wp-content\/uploads\/2026\/01\/IMG_20260129_123645-700x527.jpg 700w\" sizes=\"(max-width: 1024px) 100vw, 1024px\" \/>\t\t\t\t\t\t\t\t\t\t\t\t\t\t\t<\/div>\n\t\t\t\t<\/div>\n\t\t\t\t\t<\/div>\n\t\t\t\t<\/div>\n\t\t<div class=\"elementor-element elementor-element-b67b49d e-grid elementor-hidden-tablet elementor-hidden-mobile e-con-boxed parallax_section_no qode_elementor_container_no e-con e-parent\" data-id=\"b67b49d\" data-element_type=\"container\">\n\t\t\t\t\t<div class=\"e-con-inner\">\n\t\t\t\t<div class=\"elementor-element elementor-element-beb968a elementor-widget elementor-widget-text-editor\" data-id=\"beb968a\" data-element_type=\"widget\" data-widget_type=\"text-editor.default\">\n\t\t\t\t<div class=\"elementor-widget-container\">\n\t\t\t\t\t\t\t\t\t<h2 data-start=\"3184\" data-end=\"3209\">Un entorno que educa<\/h2><h3 data-start=\"3210\" data-end=\"3245\"><span style=\"color: #339966;\">El espacio como tercer educador<\/span><\/h3><p data-start=\"3247\" data-end=\"3497\">El colegio se sit\u00faa en un <strong data-start=\"3273\" data-end=\"3305\">entorno natural privilegiado<\/strong>, que forma parte activa del proyecto educativo. Los espacios, tanto interiores como exteriores, est\u00e1n pensados para acompa\u00f1ar el aprendizaje, fomentar la autonom\u00eda y favorecer la exploraci\u00f3n.<\/p><p data-start=\"3499\" data-end=\"3596\">Inspirados por la pedagog\u00eda de Reggio Emilia, entendemos que el entorno tambi\u00e9n educa y comunica.<\/p><blockquote data-start=\"3598\" data-end=\"3662\"><p data-start=\"3600\" data-end=\"3662\"><span style=\"color: #339966;\"><em data-start=\"3600\" data-end=\"3638\">\u201cEl ambiente es el tercer educador.\u201d<\/em><\/span><br data-start=\"3638\" data-end=\"3641\" \/><span style=\"color: #339966;\"><strong data-start=\"3643\" data-end=\"3662\">Loris Malaguzzi<\/strong><\/span><\/p><\/blockquote><p data-start=\"3961\" data-end=\"4068\">\u00a0<\/p>\t\t\t\t\t\t\t\t<\/div>\n\t\t\t\t<\/div>\n\t\t\t\t<div class=\"elementor-element elementor-element-89f9c96 elementor-widget elementor-widget-image\" data-id=\"89f9c96\" data-element_type=\"widget\" data-widget_type=\"image.default\">\n\t\t\t\t<div class=\"elementor-widget-container\">\n\t\t\t\t\t\t\t\t\t\t\t\t\t\t\t<img loading=\"lazy\" decoding=\"async\" width=\"545\" height=\"559\" src=\"https:\/\/vegaescuelaactiva.com\/wp-content\/uploads\/2026\/01\/dfgdg.jpg\" class=\"attachment-medium_large size-medium_large wp-image-676\" alt=\"\" srcset=\"https:\/\/vegaescuelaactiva.com\/wp-content\/uploads\/2026\/01\/dfgdg.jpg 545w, https:\/\/vegaescuelaactiva.com\/wp-content\/uploads\/2026\/01\/dfgdg-292x300.jpg 292w\" sizes=\"(max-width: 545px) 100vw, 545px\" \/>\t\t\t\t\t\t\t\t\t\t\t\t\t\t\t<\/div>\n\t\t\t\t<\/div>\n\t\t\t\t\t<\/div>\n\t\t\t\t<\/div>\n\t\t<div class=\"elementor-element elementor-element-eb30678 e-grid elementor-hidden-desktop e-con-boxed parallax_section_no qode_elementor_container_no e-con e-parent\" data-id=\"eb30678\" data-element_type=\"container\">\n\t\t\t\t\t<div class=\"e-con-inner\">\n\t\t\t\t<div class=\"elementor-element elementor-element-a60a7b0 elementor-widget elementor-widget-text-editor\" data-id=\"a60a7b0\" data-element_type=\"widget\" data-widget_type=\"text-editor.default\">\n\t\t\t\t<div class=\"elementor-widget-container\">\n\t\t\t\t\t\t\t\t\t<h2 data-start=\"3184\" data-end=\"3209\">Un entorno que educa<\/h2><h3 data-start=\"3210\" data-end=\"3245\"><span style=\"color: #339966;\">El espacio como tercer educador<\/span><\/h3><p data-start=\"3247\" data-end=\"3497\">El colegio se sit\u00faa en un <strong data-start=\"3273\" data-end=\"3305\">entorno natural privilegiado<\/strong>, que forma parte activa del proyecto educativo. Los espacios, tanto interiores como exteriores, est\u00e1n pensados para acompa\u00f1ar el aprendizaje, fomentar la autonom\u00eda y favorecer la exploraci\u00f3n.<\/p><p data-start=\"3499\" data-end=\"3596\">Inspirados por la pedagog\u00eda de Reggio Emilia, entendemos que el entorno tambi\u00e9n educa y comunica.<\/p><blockquote data-start=\"3598\" data-end=\"3662\"><p data-start=\"3600\" data-end=\"3662\"><span style=\"color: #339966;\"><em data-start=\"3600\" data-end=\"3638\">\u201cEl ambiente es el tercer educador.\u201d<\/em><\/span><br data-start=\"3638\" data-end=\"3641\" \/><span style=\"color: #339966;\"><strong data-start=\"3643\" data-end=\"3662\">Loris Malaguzzi<\/strong><\/span><\/p><\/blockquote><p data-start=\"3961\" data-end=\"4068\">\u00a0<\/p>\t\t\t\t\t\t\t\t<\/div>\n\t\t\t\t<\/div>\n\t\t\t\t<div class=\"elementor-element elementor-element-e6101d5 elementor-widget elementor-widget-image\" data-id=\"e6101d5\" data-element_type=\"widget\" data-widget_type=\"image.default\">\n\t\t\t\t<div class=\"elementor-widget-container\">\n\t\t\t\t\t\t\t\t\t\t\t\t\t\t\t<img loading=\"lazy\" decoding=\"async\" width=\"545\" height=\"559\" src=\"https:\/\/vegaescuelaactiva.com\/wp-content\/uploads\/2026\/01\/dfgdg.jpg\" class=\"attachment-medium_large size-medium_large wp-image-676\" alt=\"\" srcset=\"https:\/\/vegaescuelaactiva.com\/wp-content\/uploads\/2026\/01\/dfgdg.jpg 545w, https:\/\/vegaescuelaactiva.com\/wp-content\/uploads\/2026\/01\/dfgdg-292x300.jpg 292w\" sizes=\"(max-width: 545px) 100vw, 545px\" \/>\t\t\t\t\t\t\t\t\t\t\t\t\t\t\t<\/div>\n\t\t\t\t<\/div>\n\t\t\t\t\t<\/div>\n\t\t\t\t<\/div>\n\t\t<div class=\"elementor-element elementor-element-81c4888 e-grid e-con-boxed parallax_section_no qode_elementor_container_no e-con e-parent\" data-id=\"81c4888\" data-element_type=\"container\">\n\t\t\t\t\t<div class=\"e-con-inner\">\n\t\t\t\t<div class=\"elementor-element elementor-element-d6547eb elementor-widget elementor-widget-image\" data-id=\"d6547eb\" data-element_type=\"widget\" data-widget_type=\"image.default\">\n\t\t\t\t<div class=\"elementor-widget-container\">\n\t\t\t\t\t\t\t\t\t\t\t\t\t\t\t<img loading=\"lazy\" decoding=\"async\" width=\"150\" height=\"150\" src=\"https:\/\/vegaescuelaactiva.com\/wp-content\/uploads\/2026\/01\/neasc-logo-accredited-web-150x150-1.png\" class=\"attachment-large size-large wp-image-630\" alt=\"\" \/>\t\t\t\t\t\t\t\t\t\t\t\t\t\t\t<\/div>\n\t\t\t\t<\/div>\n\t\t\t\t<div class=\"elementor-element elementor-element-d88c2cd elementor-widget elementor-widget-text-editor\" data-id=\"d88c2cd\" data-element_type=\"widget\" data-widget_type=\"text-editor.default\">\n\t\t\t\t<div class=\"elementor-widget-container\">\n\t\t\t\t\t\t\t\t\t<h2 data-start=\"3669\" data-end=\"3706\">Acreditaci\u00f3n y calidad educativa<\/h2><h3 data-start=\"3707\" data-end=\"3752\"><span style=\"color: #339966;\">Un proyecto reconocido internacionalmente<\/span><\/h3><p data-start=\"3754\" data-end=\"3959\">Vega Escuela Activa es un <strong data-start=\"3780\" data-end=\"3836\">centro privado acreditado por la Comunidad de Madrid<\/strong> y cuenta con la <strong>prestigiosa<\/strong> <strong data-start=\"3853\" data-end=\"3889\">acreditaci\u00f3n internacional NEASC<\/strong>, que avala la coherencia, solidez y calidad de nuestro proyecto educativo.<\/p><p data-start=\"3961\" data-end=\"4068\">Esta acreditaci\u00f3n refuerza nuestro compromiso con una educaci\u00f3n s\u00f3lida y con procesos de mejora continua.<\/p>\t\t\t\t\t\t\t\t<\/div>\n\t\t\t\t<\/div>\n\t\t\t\t\t<\/div>\n\t\t\t\t<\/div>\n\t\t\t\t<\/div>\n\t\t","protected":false},"excerpt":{"rendered":"<p>Vega Escuela Activa nace del deseo de crear un entorno educativo donde cada ni\u00f1o y ni\u00f1a pueda crecer siendo quien es, desarrollando su curiosidad, su autonom\u00eda y su conexi\u00f3n con el mundo que le rodea. Somos una comunidad educativa peque\u00f1a, ubicada en plena naturaleza, que&#8230;<\/p>\n","protected":false},"author":2,"featured_media":757,"parent":0,"menu_order":0,"comment_status":"closed","ping_status":"closed","template":"elementor_theme","meta":{"footnotes":""},"class_list":["post-8","page","type-page","status-publish","has-post-thumbnail","hentry"],"_links":{"self":[{"href":"https:\/\/vegaescuelaactiva.com\/index.php\/wp-json\/wp\/v2\/pages\/8","targetHints":{"allow":["GET"]}}],"collection":[{"href":"https:\/\/vegaescuelaactiva.com\/index.php\/wp-json\/wp\/v2\/pages"}],"about":[{"href":"https:\/\/vegaescuelaactiva.com\/index.php\/wp-json\/wp\/v2\/types\/page"}],"author":[{"embeddable":true,"href":"https:\/\/vegaescuelaactiva.com\/index.php\/wp-json\/wp\/v2\/users\/2"}],"replies":[{"embeddable":true,"href":"https:\/\/vegaescuelaactiva.com\/index.php\/wp-json\/wp\/v2\/comments?post=8"}],"version-history":[{"count":37,"href":"https:\/\/vegaescuelaactiva.com\/index.php\/wp-json\/wp\/v2\/pages\/8\/revisions"}],"predecessor-version":[{"id":928,"href":"https:\/\/vegaescuelaactiva.com\/index.php\/wp-json\/wp\/v2\/pages\/8\/revisions\/928"}],"wp:featuredmedia":[{"embeddable":true,"href":"https:\/\/vegaescuelaactiva.com\/index.php\/wp-json\/wp\/v2\/media\/757"}],"wp:attachment":[{"href":"https:\/\/vegaescuelaactiva.com\/index.php\/wp-json\/wp\/v2\/media?parent=8"}],"curies":[{"name":"wp","href":"https:\/\/api.w.org\/{rel}","templated":true}]}}